{"id":53,"date":"2023-08-13T15:37:26","date_gmt":"2023-08-13T13:37:26","guid":{"rendered":"https:\/\/blog.terredepaysages.fr\/?page_id=53"},"modified":"2024-02-11T18:06:18","modified_gmt":"2024-02-11T17:06:18","slug":"blog","status":"publish","type":"page","link":"https:\/\/blog.terredepaysages.fr\/index.php\/blog\/","title":{"rendered":"Blog"},"content":{"rendered":"<p>[et_pb_section fb_built=\u00a0\u00bb1&Prime; _builder_version=\u00a0\u00bb4.22.0&Prime; _module_preset=\u00a0\u00bbdefault\u00a0\u00bb custom_margin=\u00a0\u00bb0px|0px|0px|0px|false|false\u00a0\u00bb custom_padding=\u00a0\u00bb0px|0px|0px|0px|false|false\u00a0\u00bb global_colors_info=\u00a0\u00bb{}\u00a0\u00bb][et_pb_row _builder_version=\u00a0\u00bb4.22.0&Prime; _module_preset=\u00a0\u00bbdefault\u00a0\u00bb global_colors_info=\u00a0\u00bb{}\u00a0\u00bb][et_pb_column type=\u00a0\u00bb4_4&Prime; _builder_version=\u00a0\u00bb4.22.0&Prime; _module_preset=\u00a0\u00bbdefault\u00a0\u00bb global_colors_info=\u00a0\u00bb{}\u00a0\u00bb][et_pb_post_title meta=\u00a0\u00bboff\u00a0\u00bb featured_image=\u00a0\u00bboff\u00a0\u00bb _builder_version=\u00a0\u00bb4.22.0&Prime; _module_preset=\u00a0\u00bbdefault\u00a0\u00bb global_colors_info=\u00a0\u00bb{}\u00a0\u00bb][\/et_pb_post_title][\/et_pb_column][\/et_pb_row][\/et_pb_section][et_pb_section fb_built=\u00a0\u00bb1&Prime; admin_label=\u00a0\u00bbBlog\u00a0\u00bb _builder_version=\u00a0\u00bb4.21.0&Prime; _module_preset=\u00a0\u00bbdefault\u00a0\u00bb collapsed=\u00a0\u00bboff\u00a0\u00bb global_colors_info=\u00a0\u00bb{}\u00a0\u00bb][et_pb_row _builder_version=\u00a0\u00bb4.22.0&Prime; _module_preset=\u00a0\u00bbdefault\u00a0\u00bb global_colors_info=\u00a0\u00bb{}\u00a0\u00bb][et_pb_column type=\u00a0\u00bb4_4&Prime; _builder_version=\u00a0\u00bb4.21.0&Prime; _module_preset=\u00a0\u00bbdefault\u00a0\u00bb global_colors_info=\u00a0\u00bb{}\u00a0\u00bb][et_pb_post_slider posts_number=\u00a0\u00bb1&Prime; show_meta=\u00a0\u00bboff\u00a0\u00bb _builder_version=\u00a0\u00bb4.22.0&Prime; _module_preset=\u00a0\u00bb2dd46b70-3203-4329-beea-bf232fadfddd\u00a0\u00bb header_font=\u00a0\u00bb|500|||||||\u00a0\u00bb background_image=\u00a0\u00bbhttps:\/\/blog.terredepaysages.fr\/wp-content\/uploads\/2023\/08\/wireframe-square-1200.jpg\u00a0\u00bb button_text_color=\u00a0\u00bbgcid-4a53c4f2-10a4-4df5-aae5-66892dee9e02&Prime; locked=\u00a0\u00bboff\u00a0\u00bb global_colors_info=\u00a0\u00bb{%22gcid-4a53c4f2-10a4-4df5-aae5-66892dee9e02%22:%91%22button_text_color%22%93}\u00a0\u00bb][\/et_pb_post_slider][\/et_pb_column][\/et_pb_row][\/et_pb_section][et_pb_section fb_built=\u00a0\u00bb1&Prime; _builder_version=\u00a0\u00bb4.22.0&Prime; _module_preset=\u00a0\u00bbdefault\u00a0\u00bb custom_margin=\u00a0\u00bb0px|0px|0px|0px|false|false\u00a0\u00bb custom_padding=\u00a0\u00bb0px|0px|0px|0px|false|false\u00a0\u00bb global_colors_info=\u00a0\u00bb{}\u00a0\u00bb][et_pb_row _builder_version=\u00a0\u00bb4.22.0&Prime; _module_preset=\u00a0\u00bbdefault\u00a0\u00bb global_colors_info=\u00a0\u00bb{}\u00a0\u00bb][et_pb_column type=\u00a0\u00bb4_4&Prime; _builder_version=\u00a0\u00bb4.22.0&Prime; _module_preset=\u00a0\u00bbdefault\u00a0\u00bb global_colors_info=\u00a0\u00bb{}\u00a0\u00bb][et_pb_blog posts_number=\u00a0\u00bb40&Prime; meta_date=\u00a0\u00bbj M Y\u00a0\u00bb show_author=\u00a0\u00bboff\u00a0\u00bb _builder_version=\u00a0\u00bb4.22.0&Prime; _module_preset=\u00a0\u00bbcd1cb63e-4632-4cc5-b3e9-3316208d02b1&Prime; header_font=\u00a0\u00bb|500|||||||\u00a0\u00bb header_line_height=\u00a0\u00bb1.3em\u00a0\u00bb body_line_height=\u00a0\u00bb1.8em\u00a0\u00bb meta_font=\u00a0\u00bb|700||on|||||\u00a0\u00bb meta_font_size=\u00a0\u00bb12px\u00a0\u00bb meta_letter_spacing=\u00a0\u00bb2px\u00a0\u00bb meta_line_height=\u00a0\u00bb1.8em\u00a0\u00bb read_more_text_color=\u00a0\u00bbgcid-c2933ceb-9641-4d37-bb1b-61eb067d45cb\u00a0\u00bb pagination_text_color=\u00a0\u00bbgcid-4a53c4f2-10a4-4df5-aae5-66892dee9e02&Prime; pagination_font_size=\u00a0\u00bb20px\u00a0\u00bb pagination_line_height=\u00a0\u00bb1.8em\u00a0\u00bb header_font_size_tablet=\u00a0\u00bb18px\u00a0\u00bb header_font_size_phone=\u00a0\u00bb16px\u00a0\u00bb header_font_size_last_edited=\u00a0\u00bbon|phone\u00a0\u00bb pagination_font_size_tablet=\u00a0\u00bb18px\u00a0\u00bb pagination_font_size_phone=\u00a0\u00bb16px\u00a0\u00bb locked=\u00a0\u00bboff\u00a0\u00bb global_colors_info=\u00a0\u00bb{%22gcid-4a53c4f2-10a4-4df5-aae5-66892dee9e02%22:%91%22pagination_text_color%22%93,%22gcid-c2933ceb-9641-4d37-bb1b-61eb067d45cb%22:%91%22read_more_text_color%22%93}\u00a0\u00bb][\/et_pb_blog][et_pb_sidebar _builder_version=\u00a0\u00bb4.22.0&Prime; _module_preset=\u00a0\u00bbdefault\u00a0\u00bb global_colors_info=\u00a0\u00bb{}\u00a0\u00bb][\/et_pb_sidebar][\/et_pb_column][\/et_pb_row][\/et_pb_section]<\/p>\n","protected":false},"excerpt":{"rendered":"<p>Un an de voyage \u00e0 v\u00e9lo en famille de la Patagonie \u00e0 la Bolivie.<\/p>\n","protected":false},"author":1,"featured_media":30,"parent":0,"menu_order":0,"comment_status":"closed","ping_status":"closed","template":"","meta":{"_et_pb_use_builder":"on","_et_pb_old_content":"","_et_gb_content_width":"","footnotes":""},"class_list":["post-53","page","type-page","status-publish","has-post-thumbnail","hentry"],"yoast_head":"<!-- This site is optimized with the Yoast SEO plugin v26.4 - https:\/\/yoast.com\/wordpress\/plugins\/seo\/ -->\n<title>Terre de Paysages - Blog<\/title>\n<meta name=\"description\" content=\"Blog de la famille Debicki-Tann\u00e9 : Un an de voyage \u00e0 v\u00e9lo en famille de la Patagonie \u00e0 la Bolivie.\" \/>\n<meta name=\"robots\" content=\"index, follow, max-snippet:-1, max-image-preview:large, max-video-preview:-1\" \/>\n<link rel=\"canonical\" href=\"https:\/\/blog.terredepaysages.fr\/index.php\/blog\/\" \/>\n<meta property=\"og:locale\" content=\"fr_FR\" \/>\n<meta property=\"og:type\" content=\"article\" \/>\n<meta property=\"og:title\" content=\"Terre de Paysages - Blog\" \/>\n<meta property=\"og:description\" content=\"Blog de la famille Debicki-Tann\u00e9 : Un an de voyage \u00e0 v\u00e9lo en famille de la Patagonie \u00e0 la Bolivie.\" \/>\n<meta property=\"og:url\" content=\"https:\/\/blog.terredepaysages.fr\/index.php\/blog\/\" \/>\n<meta property=\"og:site_name\" content=\"Terre de Paysages\" \/>\n<meta property=\"article:modified_time\" content=\"2024-02-11T17:06:18+00:00\" \/>\n<meta property=\"og:image\" content=\"https:\/\/blog.terredepaysages.fr\/wp-content\/uploads\/2023\/08\/P8160003-scaled.jpg\" \/>\n\t<meta property=\"og:image:width\" content=\"2560\" \/>\n\t<meta property=\"og:image:height\" content=\"1920\" \/>\n\t<meta property=\"og:image:type\" content=\"image\/jpeg\" \/>\n<meta name=\"twitter:card\" content=\"summary_large_image\" \/>\n<script type=\"application\/ld+json\" class=\"yoast-schema-graph\">{\"@context\":\"https:\/\/schema.org\",\"@graph\":[{\"@type\":\"WebPage\",\"@id\":\"https:\/\/blog.terredepaysages.fr\/index.php\/blog\/\",\"url\":\"https:\/\/blog.terredepaysages.fr\/index.php\/blog\/\",\"name\":\"Terre de Paysages - Blog\",\"isPartOf\":{\"@id\":\"https:\/\/blog.terredepaysages.fr\/#website\"},\"primaryImageOfPage\":{\"@id\":\"https:\/\/blog.terredepaysages.fr\/index.php\/blog\/#primaryimage\"},\"image\":{\"@id\":\"https:\/\/blog.terredepaysages.fr\/index.php\/blog\/#primaryimage\"},\"thumbnailUrl\":\"https:\/\/blog.terredepaysages.fr\/wp-content\/uploads\/2023\/08\/P8160003-scaled.jpg\",\"datePublished\":\"2023-08-13T13:37:26+00:00\",\"dateModified\":\"2024-02-11T17:06:18+00:00\",\"description\":\"Blog de la famille Debicki-Tann\u00e9 : Un an de voyage \u00e0 v\u00e9lo en famille de la Patagonie \u00e0 la Bolivie.\",\"breadcrumb\":{\"@id\":\"https:\/\/blog.terredepaysages.fr\/index.php\/blog\/#breadcrumb\"},\"inLanguage\":\"fr-FR\",\"potentialAction\":[{\"@type\":\"ReadAction\",\"target\":[\"https:\/\/blog.terredepaysages.fr\/index.php\/blog\/\"]}]},{\"@type\":\"ImageObject\",\"inLanguage\":\"fr-FR\",\"@id\":\"https:\/\/blog.terredepaysages.fr\/index.php\/blog\/#primaryimage\",\"url\":\"https:\/\/blog.terredepaysages.fr\/wp-content\/uploads\/2023\/08\/P8160003-scaled.jpg\",\"contentUrl\":\"https:\/\/blog.terredepaysages.fr\/wp-content\/uploads\/2023\/08\/P8160003-scaled.jpg\",\"width\":2560,\"height\":1920,\"caption\":\"OLYMPUS DIGITAL CAMERA\"},{\"@type\":\"BreadcrumbList\",\"@id\":\"https:\/\/blog.terredepaysages.fr\/index.php\/blog\/#breadcrumb\",\"itemListElement\":[{\"@type\":\"ListItem\",\"position\":1,\"name\":\"Accueil\",\"item\":\"https:\/\/blog.terredepaysages.fr\/\"},{\"@type\":\"ListItem\",\"position\":2,\"name\":\"Blog\"}]},{\"@type\":\"WebSite\",\"@id\":\"https:\/\/blog.terredepaysages.fr\/#website\",\"url\":\"https:\/\/blog.terredepaysages.fr\/\",\"name\":\"Terre de Paysages\",\"description\":\"Un an \u00e0 v\u00e9lo en famille de la Patagonie \u00e0 la Bolivie\",\"publisher\":{\"@id\":\"https:\/\/blog.terredepaysages.fr\/#organization\"},\"potentialAction\":[{\"@type\":\"SearchAction\",\"target\":{\"@type\":\"EntryPoint\",\"urlTemplate\":\"https:\/\/blog.terredepaysages.fr\/?s={search_term_string}\"},\"query-input\":{\"@type\":\"PropertyValueSpecification\",\"valueRequired\":true,\"valueName\":\"search_term_string\"}}],\"inLanguage\":\"fr-FR\"},{\"@type\":\"Organization\",\"@id\":\"https:\/\/blog.terredepaysages.fr\/#organization\",\"name\":\"Terre de Paysages\",\"url\":\"https:\/\/blog.terredepaysages.fr\/\",\"logo\":{\"@type\":\"ImageObject\",\"inLanguage\":\"fr-FR\",\"@id\":\"https:\/\/blog.terredepaysages.fr\/#\/schema\/logo\/image\/\",\"url\":\"https:\/\/blog.terredepaysages.fr\/wp-content\/uploads\/2023\/08\/1-Perou-31-carre.jpg\",\"contentUrl\":\"https:\/\/blog.terredepaysages.fr\/wp-content\/uploads\/2023\/08\/1-Perou-31-carre.jpg\",\"width\":760,\"height\":760,\"caption\":\"Terre de Paysages\"},\"image\":{\"@id\":\"https:\/\/blog.terredepaysages.fr\/#\/schema\/logo\/image\/\"}}]}<\/script>\n<!-- \/ Yoast SEO plugin. -->","yoast_head_json":{"title":"Terre de Paysages - Blog","description":"Blog de la famille Debicki-Tann\u00e9 : Un an de voyage \u00e0 v\u00e9lo en famille de la Patagonie \u00e0 la Bolivie.","robots":{"index":"index","follow":"follow","max-snippet":"max-snippet:-1","max-image-preview":"max-image-preview:large","max-video-preview":"max-video-preview:-1"},"canonical":"https:\/\/blog.terredepaysages.fr\/index.php\/blog\/","og_locale":"fr_FR","og_type":"article","og_title":"Terre de Paysages - Blog","og_description":"Blog de la famille Debicki-Tann\u00e9 : Un an de voyage \u00e0 v\u00e9lo en famille de la Patagonie \u00e0 la Bolivie.","og_url":"https:\/\/blog.terredepaysages.fr\/index.php\/blog\/","og_site_name":"Terre de Paysages","article_modified_time":"2024-02-11T17:06:18+00:00","og_image":[{"width":2560,"height":1920,"url":"https:\/\/blog.terredepaysages.fr\/wp-content\/uploads\/2023\/08\/P8160003-scaled.jpg","type":"image\/jpeg"}],"twitter_card":"summary_large_image","schema":{"@context":"https:\/\/schema.org","@graph":[{"@type":"WebPage","@id":"https:\/\/blog.terredepaysages.fr\/index.php\/blog\/","url":"https:\/\/blog.terredepaysages.fr\/index.php\/blog\/","name":"Terre de Paysages - Blog","isPartOf":{"@id":"https:\/\/blog.terredepaysages.fr\/#website"},"primaryImageOfPage":{"@id":"https:\/\/blog.terredepaysages.fr\/index.php\/blog\/#primaryimage"},"image":{"@id":"https:\/\/blog.terredepaysages.fr\/index.php\/blog\/#primaryimage"},"thumbnailUrl":"https:\/\/blog.terredepaysages.fr\/wp-content\/uploads\/2023\/08\/P8160003-scaled.jpg","datePublished":"2023-08-13T13:37:26+00:00","dateModified":"2024-02-11T17:06:18+00:00","description":"Blog de la famille Debicki-Tann\u00e9 : Un an de voyage \u00e0 v\u00e9lo en famille de la Patagonie \u00e0 la Bolivie.","breadcrumb":{"@id":"https:\/\/blog.terredepaysages.fr\/index.php\/blog\/#breadcrumb"},"inLanguage":"fr-FR","potentialAction":[{"@type":"ReadAction","target":["https:\/\/blog.terredepaysages.fr\/index.php\/blog\/"]}]},{"@type":"ImageObject","inLanguage":"fr-FR","@id":"https:\/\/blog.terredepaysages.fr\/index.php\/blog\/#primaryimage","url":"https:\/\/blog.terredepaysages.fr\/wp-content\/uploads\/2023\/08\/P8160003-scaled.jpg","contentUrl":"https:\/\/blog.terredepaysages.fr\/wp-content\/uploads\/2023\/08\/P8160003-scaled.jpg","width":2560,"height":1920,"caption":"OLYMPUS DIGITAL CAMERA"},{"@type":"BreadcrumbList","@id":"https:\/\/blog.terredepaysages.fr\/index.php\/blog\/#breadcrumb","itemListElement":[{"@type":"ListItem","position":1,"name":"Accueil","item":"https:\/\/blog.terredepaysages.fr\/"},{"@type":"ListItem","position":2,"name":"Blog"}]},{"@type":"WebSite","@id":"https:\/\/blog.terredepaysages.fr\/#website","url":"https:\/\/blog.terredepaysages.fr\/","name":"Terre de Paysages","description":"Un an \u00e0 v\u00e9lo en famille de la Patagonie \u00e0 la Bolivie","publisher":{"@id":"https:\/\/blog.terredepaysages.fr\/#organization"},"potentialAction":[{"@type":"SearchAction","target":{"@type":"EntryPoint","urlTemplate":"https:\/\/blog.terredepaysages.fr\/?s={search_term_string}"},"query-input":{"@type":"PropertyValueSpecification","valueRequired":true,"valueName":"search_term_string"}}],"inLanguage":"fr-FR"},{"@type":"Organization","@id":"https:\/\/blog.terredepaysages.fr\/#organization","name":"Terre de Paysages","url":"https:\/\/blog.terredepaysages.fr\/","logo":{"@type":"ImageObject","inLanguage":"fr-FR","@id":"https:\/\/blog.terredepaysages.fr\/#\/schema\/logo\/image\/","url":"https:\/\/blog.terredepaysages.fr\/wp-content\/uploads\/2023\/08\/1-Perou-31-carre.jpg","contentUrl":"https:\/\/blog.terredepaysages.fr\/wp-content\/uploads\/2023\/08\/1-Perou-31-carre.jpg","width":760,"height":760,"caption":"Terre de Paysages"},"image":{"@id":"https:\/\/blog.terredepaysages.fr\/#\/schema\/logo\/image\/"}}]}},"_links":{"self":[{"href":"https:\/\/blog.terredepaysages.fr\/index.php\/wp-json\/wp\/v2\/pages\/53","targetHints":{"allow":["GET"]}}],"collection":[{"href":"https:\/\/blog.terredepaysages.fr\/index.php\/wp-json\/wp\/v2\/pages"}],"about":[{"href":"https:\/\/blog.terredepaysages.fr\/index.php\/wp-json\/wp\/v2\/types\/page"}],"author":[{"embeddable":true,"href":"https:\/\/blog.terredepaysages.fr\/index.php\/wp-json\/wp\/v2\/users\/1"}],"replies":[{"embeddable":true,"href":"https:\/\/blog.terredepaysages.fr\/index.php\/wp-json\/wp\/v2\/comments?post=53"}],"version-history":[{"count":0,"href":"https:\/\/blog.terredepaysages.fr\/index.php\/wp-json\/wp\/v2\/pages\/53\/revisions"}],"wp:featuredmedia":[{"embeddable":true,"href":"https:\/\/blog.terredepaysages.fr\/index.php\/wp-json\/wp\/v2\/media\/30"}],"wp:attachment":[{"href":"https:\/\/blog.terredepaysages.fr\/index.php\/wp-json\/wp\/v2\/media?parent=53"}],"curies":[{"name":"wp","href":"https:\/\/api.w.org\/{rel}","templated":true}]}}